{"id":2629,"date":"2022-05-28T13:50:31","date_gmt":"2022-05-28T13:50:31","guid":{"rendered":"https:\/\/crossroads-festival.org\/de\/?page_id=2629"},"modified":"2022-06-09T05:59:01","modified_gmt":"2022-06-09T05:59:01","slug":"schwarz-feministisch-von-welchem-feminismus-reden-wir","status":"publish","type":"page","link":"https:\/\/crossroads-festival.org\/de\/schwarz-feministisch","title":{"rendered":"Schwarz. Feministisch. Von welchem Feminismus reden wir?"},"content":{"rendered":"<p><\/p>\n<p><strong>Schwarz. Feministisch. Von welchem Feminismus reden wir? <\/strong><\/p>\n<p><strong>SA 18.6. \/ 10:00-12:00 \/ Workshop \/ Schubertnest (Uni Graz, Vorklinik, Harrachgasse 21, Erdgescho\u00df) <\/strong><\/p>\n<p><strong>Von und mit MELANIN TALK<\/strong> <\/p>\n<p><img decoding=\"async\" src=\"https:\/\/crossroads-festival.org\/wp-content\/uploads\/Melanin_Talk.jpg\" \/><\/p>\n<p>Die Teilnehmer:innen erwartet ein Talk kombiniert mit einem interaktiven Workshop, bei dem der Frage nachgegangen wird, wie sich Rassismus und Sexismus \u00fcberschneiden und warum Feminismus IMMER intersektional gedacht werden muss.<\/p>\n<p>MELANIN TALK, das sind Chantal Bamgbala und Adjanie Kamucote. Sie leisten Aufkl\u00e4rungs- und Sensibilisierungsarbeit auf Social Media und in Form von Workshops an Universit\u00e4ten, in Schulen und anderen Organisationen. Dar\u00fcber hinaus bieten sie im Tabletalk-Format People of Colour und Schwarzen eine Plattform. Ihre Themenschwerpunkte sind Rassismus, Sexismus und Intersektionalit\u00e4t. <\/p>\n<p><strong>Anmeldung:<\/strong> <br \/>\nUm die Anzahl der Teilnehmenden besser absch\u00e4tzen zu k\u00f6nnen, bitten wir um Voranmeldung an workshops[at]crossroads-festival.org. Spontan vorbeikommen geht nat\u00fcrlich auch.<\/p>\n<p><a href=\"https:\/\/www.instagram.com\/melanin_talk_\/\">https:\/\/www.instagram.com\/melanin_talk_\/<\/a><\/p>\n<p><\/p>\n<div class=\"shariff shariff-align-flex-start shariff-widget-align-flex-start\"><ul class=\"shariff-buttons theme-default orientation-horizontal buttonsize-medium\"><li class=\"shariff-button facebook shariff-nocustomcolor\" style=\"background-color:#4273c8\"><a href=\"https:\/\/www.facebook.com\/sharer\/sharer.php?u=https%3A%2F%2Fcrossroads-festival.org%2Fde%2Fschwarz-feministisch\" title=\"Share on Facebook\" aria-label=\"Share on Facebook\" role=\"button\" rel=\"nofollow\" class=\"shariff-link\" style=\"; background-color:#3b5998; color:#fff\" target=\"_blank\"><span class=\"shariff-icon\" style=\"\"><svg width=\"32px\" height=\"20px\" xmlns=\"http:\/\/www.w3.org\/2000\/svg\" viewBox=\"0 0 18 32\"><path fill=\"#3b5998\" d=\"M17.1 0.2v4.7h-2.8q-1.5 0-2.1 0.6t-0.5 1.9v3.4h5.2l-0.7 5.3h-4.5v13.6h-5.5v-13.6h-4.5v-5.3h4.5v-3.9q0-3.3 1.9-5.2t5-1.8q2.6 0 4.1 0.2z\"\/><\/svg><\/span><span class=\"shariff-text\">share<\/span>&nbsp;<\/a><\/li><li class=\"shariff-button mailto shariff-nocustomcolor\" style=\"background-color:#a8a8a8\"><a href=\"mailto:?body=https%3A%2F%2Fcrossroads-festival.org%2Fde%2Fschwarz-feministisch&subject=Schwarz.%20Feministisch.%20Von%20welchem%20Feminismus%20reden%20wir%3F\" title=\"Send by email\" aria-label=\"Send by email\" role=\"button\" rel=\"noopener nofollow\" class=\"shariff-link\" style=\"; background-color:#999; color:#fff\"><span class=\"shariff-icon\" style=\"\"><svg width=\"32px\" height=\"20px\" xmlns=\"http:\/\/www.w3.org\/2000\/svg\" viewBox=\"0 0 32 32\"><path fill=\"#999\" d=\"M32 12.7v14.2q0 1.2-0.8 2t-2 0.9h-26.3q-1.2 0-2-0.9t-0.8-2v-14.2q0.8 0.9 1.8 1.6 6.5 4.4 8.9 6.1 1 0.8 1.6 1.2t1.7 0.9 2 0.4h0.1q0.9 0 2-0.4t1.7-0.9 1.6-1.2q3-2.2 8.9-6.1 1-0.7 1.8-1.6zM32 7.4q0 1.4-0.9 2.7t-2.2 2.2q-6.7 4.7-8.4 5.8-0.2 0.1-0.7 0.5t-1 0.7-0.9 0.6-1.1 0.5-0.9 0.2h-0.1q-0.4 0-0.9-0.2t-1.1-0.5-0.9-0.6-1-0.7-0.7-0.5q-1.6-1.1-4.7-3.2t-3.6-2.6q-1.1-0.7-2.1-2t-1-2.5q0-1.4 0.7-2.3t2.1-0.9h26.3q1.2 0 2 0.8t0.9 2z\"\/><\/svg><\/span><span class=\"shariff-text\">email<\/span>&nbsp;<\/a><\/li><\/ul><\/div>","protected":false},"excerpt":{"rendered":"<p>Schwarz. Feministisch. Von welchem Feminismus reden wir? SA 18.6. \/ 10:00-12:00 \/ Workshop \/ Schubertnest (Uni Graz, Vorklinik, Harrachgasse 21, Erdgescho\u00df) Von und mit MELANIN TALK Die Teilnehmer:innen erwartet ein Talk kombiniert mit einem interaktiven Workshop, bei dem der Frage nachgegangen wird, wie sich Rassismus und Sexismus \u00fcberschneiden und warum Feminismus IMMER intersektional gedacht werden &hellip; <a href=\"https:\/\/crossroads-festival.org\/de\/schwarz-feministisch\" class=\"more-link\"><span class=\"screen-reader-text\">Schwarz. Feministisch. Von welchem Feminismus reden wir?<\/span> weiterlesen <span class=\"meta-nav\">&rarr;<\/span><\/a><\/p>\n","protected":false},"author":1,"featured_media":0,"parent":0,"menu_order":0,"comment_status":"closed","ping_status":"closed","template":"","meta":{"_acf_changed":false,"spay_email":"","footnotes":""},"class_list":["post-2629","page","type-page","status-publish","hentry"],"acf":[],"jetpack_shortlink":"https:\/\/wp.me\/P8yz7o-Gp","_links":{"self":[{"href":"https:\/\/crossroads-festival.org\/de\/wp-json\/wp\/v2\/pages\/2629"}],"collection":[{"href":"https:\/\/crossroads-festival.org\/de\/wp-json\/wp\/v2\/pages"}],"about":[{"href":"https:\/\/crossroads-festival.org\/de\/wp-json\/wp\/v2\/types\/page"}],"author":[{"embeddable":true,"href":"https:\/\/crossroads-festival.org\/de\/wp-json\/wp\/v2\/users\/1"}],"replies":[{"embeddable":true,"href":"https:\/\/crossroads-festival.org\/de\/wp-json\/wp\/v2\/comments?post=2629"}],"version-history":[{"count":6,"href":"https:\/\/crossroads-festival.org\/de\/wp-json\/wp\/v2\/pages\/2629\/revisions"}],"predecessor-version":[{"id":2752,"href":"https:\/\/crossroads-festival.org\/de\/wp-json\/wp\/v2\/pages\/2629\/revisions\/2752"}],"wp:attachment":[{"href":"https:\/\/crossroads-festival.org\/de\/wp-json\/wp\/v2\/media?parent=2629"}],"curies":[{"name":"wp","href":"https:\/\/api.w.org\/{rel}","templated":true}]}}