{"id":2081,"date":"2019-10-15T11:02:21","date_gmt":"2019-10-15T11:02:21","guid":{"rendered":"https:\/\/crossroads-festival.org\/de\/fuer-eine-solidarische-zukunft-copy-copy"},"modified":"2019-10-25T00:39:57","modified_gmt":"2019-10-25T00:39:57","slug":"fuer-eine-solidarische-zukunft-copy-copy","status":"publish","type":"page","link":"https:\/\/crossroads-festival.org\/de\/streiken-fuer-die-zukunft","title":{"rendered":"Streiken f\u00fcr die Zukunft! Wie geht\u00b4s weiter?"},"content":{"rendered":"<p><\/p>\n<p><strong>Streiken f\u00fcr die Zukunft! Wie geht\u00b4s weiter? <\/p>\n<p>FR 25.10. \/ 14:30-16:00 \/ Forum Stadtpark \/ Podiumsgespr\u00e4ch<\/p>\n<p>Mit Andrea &amp; Omar (Fridays For Future Treviso und Vicenza), Lorenz Pfalzer und Ronja Ulrych (Fridays For Future Graz) und Vito Vitalski (System Change, not Climate Change)<\/strong><\/p>\n<p><img decoding=\"async\" src=\"https:\/\/crossroads-festival.org\/wp-content\/uploads\/EFeZXqFWsAMu6tG.jpg\" \/><\/p>\n<p>Seit vielen Monaten streiken Kinder und Jugendliche an aller Welt f\u00fcr ihre Zukunft. Sie k\u00e4mpfen mutig und entschlossen f\u00fcr eine schnelle, umfassende und gerechte Klimawende und wollen die Entscheidungstr\u00e4ger*innen endlich dazu bewegen, Ma\u00dfnahmen zu setzen, die den grundlegenden Wandel einleiten, der n\u00f6tig ist, wenn wir eine lebenswerte Gegenwart und Zukunft f\u00fcr Alle wollen. <\/p>\n<p>Wo stehen Fridays For Future derzeit in verschiedenen europ\u00e4ischen L\u00e4ndern und als globale Bewegung? Welche Erfolge konnten bereits gefeiert werden, welche Hindernisse stehen weiteren Fortschritten im Kampf um unsere Zukunft im Wege? <\/p>\n<p>Was k\u00f6nnten erfolgreiche Ans\u00e4tze sein, um die Regierungen tats\u00e4chlich dazu zu bringen, endlich angemessene Ma\u00dfnahmen gegen das weitere Eskalieren der Klimakrise zu setzen? Wird es m\u00f6glich sein, das zu erreichen, ohne dass auch Massen an Erwachsenen zu streiken beginnen? Oder ist \u00f6konomischer Druck, der nur durch das bestreiken von Arbeitspl\u00e4tzen und gro\u00dfen Industrien entsteht, unabdingbar?<\/p>\n<p>Welche Aktionen sind f\u00fcr die n\u00e4chsten Wochen und Monate geplant und wie k\u00f6nnen sich neue Menschen an der immer weiter wachsenden Bewegung beteiligen? Mit diesen und weiteren Fragen werden sich im Rahmen des Podiumsgespr\u00e4chs Jugendliche und junge Erwachsene besch\u00e4ftigen.<\/p>\n<p><\/p>\n<div class=\"shariff shariff-align-flex-start shariff-widget-align-flex-start\"><ul class=\"shariff-buttons theme-default orientation-horizontal buttonsize-medium\"><li class=\"shariff-button facebook shariff-nocustomcolor\" style=\"background-color:#4273c8\"><a href=\"https:\/\/www.facebook.com\/sharer\/sharer.php?u=https%3A%2F%2Fcrossroads-festival.org%2Fde%2Fstreiken-fuer-die-zukunft\" title=\"Share on Facebook\" aria-label=\"Share on Facebook\" role=\"button\" rel=\"nofollow\" class=\"shariff-link\" style=\"; background-color:#3b5998; color:#fff\" target=\"_blank\"><span class=\"shariff-icon\" style=\"\"><svg width=\"32px\" height=\"20px\" xmlns=\"http:\/\/www.w3.org\/2000\/svg\" viewBox=\"0 0 18 32\"><path fill=\"#3b5998\" d=\"M17.1 0.2v4.7h-2.8q-1.5 0-2.1 0.6t-0.5 1.9v3.4h5.2l-0.7 5.3h-4.5v13.6h-5.5v-13.6h-4.5v-5.3h4.5v-3.9q0-3.3 1.9-5.2t5-1.8q2.6 0 4.1 0.2z\"\/><\/svg><\/span><span class=\"shariff-text\">share<\/span>&nbsp;<\/a><\/li><li class=\"shariff-button mailto shariff-nocustomcolor\" style=\"background-color:#a8a8a8\"><a href=\"mailto:?body=https%3A%2F%2Fcrossroads-festival.org%2Fde%2Fstreiken-fuer-die-zukunft&subject=Streiken%20f%C3%BCr%20die%20Zukunft%21%20Wie%20geht%C2%B4s%20weiter%3F\" title=\"Send by email\" aria-label=\"Send by email\" role=\"button\" rel=\"noopener nofollow\" class=\"shariff-link\" style=\"; background-color:#999; color:#fff\"><span class=\"shariff-icon\" style=\"\"><svg width=\"32px\" height=\"20px\" xmlns=\"http:\/\/www.w3.org\/2000\/svg\" viewBox=\"0 0 32 32\"><path fill=\"#999\" d=\"M32 12.7v14.2q0 1.2-0.8 2t-2 0.9h-26.3q-1.2 0-2-0.9t-0.8-2v-14.2q0.8 0.9 1.8 1.6 6.5 4.4 8.9 6.1 1 0.8 1.6 1.2t1.7 0.9 2 0.4h0.1q0.9 0 2-0.4t1.7-0.9 1.6-1.2q3-2.2 8.9-6.1 1-0.7 1.8-1.6zM32 7.4q0 1.4-0.9 2.7t-2.2 2.2q-6.7 4.7-8.4 5.8-0.2 0.1-0.7 0.5t-1 0.7-0.9 0.6-1.1 0.5-0.9 0.2h-0.1q-0.4 0-0.9-0.2t-1.1-0.5-0.9-0.6-1-0.7-0.7-0.5q-1.6-1.1-4.7-3.2t-3.6-2.6q-1.1-0.7-2.1-2t-1-2.5q0-1.4 0.7-2.3t2.1-0.9h26.3q1.2 0 2 0.8t0.9 2z\"\/><\/svg><\/span><span class=\"shariff-text\">email<\/span>&nbsp;<\/a><\/li><\/ul><\/div>","protected":false},"excerpt":{"rendered":"<p>Streiken f\u00fcr die Zukunft! Wie geht\u00b4s weiter? FR 25.10. \/ 14:30-16:00 \/ Forum Stadtpark \/ Podiumsgespr\u00e4ch Mit Andrea &amp; Omar (Fridays For Future Treviso und Vicenza), Lorenz Pfalzer und Ronja Ulrych (Fridays For Future Graz) und Vito Vitalski (System Change, not Climate Change) Seit vielen Monaten streiken Kinder und Jugendliche an aller Welt f\u00fcr ihre &hellip; <a href=\"https:\/\/crossroads-festival.org\/de\/streiken-fuer-die-zukunft\" class=\"more-link\"><span class=\"screen-reader-text\">Streiken f\u00fcr die Zukunft! Wie geht\u00b4s weiter?<\/span> weiterlesen <span class=\"meta-nav\">&rarr;<\/span><\/a><\/p>\n","protected":false},"author":1,"featured_media":0,"parent":0,"menu_order":0,"comment_status":"closed","ping_status":"closed","template":"","meta":{"_acf_changed":false,"spay_email":"","footnotes":""},"class_list":["post-2081","page","type-page","status-publish","hentry"],"acf":[],"jetpack_shortlink":"https:\/\/wp.me\/P8yz7o-xz","_links":{"self":[{"href":"https:\/\/crossroads-festival.org\/de\/wp-json\/wp\/v2\/pages\/2081"}],"collection":[{"href":"https:\/\/crossroads-festival.org\/de\/wp-json\/wp\/v2\/pages"}],"about":[{"href":"https:\/\/crossroads-festival.org\/de\/wp-json\/wp\/v2\/types\/page"}],"author":[{"embeddable":true,"href":"https:\/\/crossroads-festival.org\/de\/wp-json\/wp\/v2\/users\/1"}],"replies":[{"embeddable":true,"href":"https:\/\/crossroads-festival.org\/de\/wp-json\/wp\/v2\/comments?post=2081"}],"version-history":[{"count":6,"href":"https:\/\/crossroads-festival.org\/de\/wp-json\/wp\/v2\/pages\/2081\/revisions"}],"predecessor-version":[{"id":2205,"href":"https:\/\/crossroads-festival.org\/de\/wp-json\/wp\/v2\/pages\/2081\/revisions\/2205"}],"wp:attachment":[{"href":"https:\/\/crossroads-festival.org\/de\/wp-json\/wp\/v2\/media?parent=2081"}],"curies":[{"name":"wp","href":"https:\/\/api.w.org\/{rel}","templated":true}]}}